{"id":9417,"date":"2022-06-22T10:00:44","date_gmt":"2022-06-22T13:00:44","guid":{"rendered":"https:\/\/fundacionastur.org\/?post_type=proyectos&#038;p=9417"},"modified":"2022-07-19T12:45:21","modified_gmt":"2022-07-19T15:45:21","slug":"aportes-para-la-recuperacion-socioeconomica-del-covid-19-utilizando-un-abordaje-de-portfolio-para-la-region-centro-en-uruguay-rff","status":"publish","type":"proyectos","link":"https:\/\/fundacionastur.org\/en\/proyectos\/aportes-para-la-recuperacion-socioeconomica-del-covid-19-utilizando-un-abordaje-de-portfolio-para-la-region-centro-en-uruguay-rff\/","title":{"rendered":"Dise\u00f1o de una estrategia de co-creaci\u00f3n de ciudades amigables con las personas mayores"},"featured_media":9422,"parent":0,"template":"","estado_proyecto":[66,59],"class_list":["post-9417","proyectos","type-proyectos","status-publish","has-post-thumbnail","hentry","estado_proyecto-todos","estado_proyecto-en-ejecucion"],"acf":{"resumen_de_resultados":"","testimonios_del_proyecto":false,"adjuntar_archivos_del_proyecto":false,"total_beneficiarios":"","personas_capacitadas":"","mayores_atendidos":"","publicaciones":"","resultados_texto":"","resultados":false,"a_quien_esta_dirigido":false,"fundamentacion_o_contexto":[{"bullet_fundamentacion_o_contexto":"<p style=\"text-align: justify;\">Las caracter\u00edsticas de una estructura poblacional envejecida y el alto nivel de urbanizaci\u00f3n de Uruguay introducen el desaf\u00edo de dise\u00f1ar y pensar ciudades inclusivas para todas las edades. Esta convergencia de los procesos de urbanizaci\u00f3n y el envejecimiento de la poblaci\u00f3n requieren respuestas en el dise\u00f1o, organizaci\u00f3n y planificaci\u00f3n de los entornos urbanos, de tal forma que consideren las particularidades del proceso de envejecer. Se posiciona as\u00ed, el derecho a envejecer como una categor\u00eda fundamental para entender los niveles de exclusi\u00f3n y discriminaci\u00f3n de nuestras ciudades y comunidades con las personas mayores. Consiste en el derecho a transitar los entornos urbanos sin los riesgos y vulnerabilidades asociadas a una etapa de la vida. Abordar este desaf\u00edo, demandar\u00e1 respuestas a los problemas de movilidad, accesibilidad, equipamiento urbano, requerimiento de servicios especiales, salud, cuidados, participaci\u00f3n, entre otros. Por este motivo, es fundamental promover entornos que favorezcan el desarrollo integral en todas las edades, siendo estrat\u00e9gico comenzar a desarrollar soluciones a la habitabilidad de las ciudades y comunidades que pongan el foco en las personas mayores.<\/p>\n"},{"bullet_fundamentacion_o_contexto":"<p style=\"text-align: justify;\">En el marco de la estrategia general del PNUD para la recuperaci\u00f3n socioecon\u00f3mica del COVID-19, el proyecto Aportes para la recuperaci\u00f3n socioecon\u00f3mica del covid-19 utilizando un abordaje de portfolio para la regi\u00f3n centro en Uruguay (RFF), aprovecha el escenario de la mayor inversi\u00f3n extranjera directa de la historia del Uruguay (UPM II) y la construcci\u00f3n del tren central para abordar, a trav\u00e9s de un set de 17 iniciativas, la complejidad que deviene de un contexto signado por\u00a0 cambios en la productividad, la inclusi\u00f3n (e integraci\u00f3n) social y gobernanza. La instalaci\u00f3n de la tercera planta de celulosa UPM II en la regi\u00f3n centro del pa\u00eds implica grandes impactos a nivel de la econom\u00eda nacional, puestos de trabajo, infraestructura, transporte, movilidad, medio ambiente, contrato social, entre otros. El rezago hist\u00f3rico de esta zona en t\u00e9rminos de desarrollo econ\u00f3mico, productivo y social conlleva preocupaciones y desaf\u00edos, pero tambi\u00e9n oportunidades. En esta l\u00ednea, el componente estrategia participativa de cohesi\u00f3n social de este proyecto llevar\u00e1 a cabo un proceso de co-dise\u00f1o, que apunta a incorporar las percepciones y necesidades de las comunidades de la regi\u00f3n centro.<\/p>\n"},{"bullet_fundamentacion_o_contexto":"<p style=\"text-align: justify;\">Considerando la estructura poblacional (caracterizada por una alta proporci\u00f3n de personas mayores de 60+ a\u00f1os en las localidades afectadas por la inversi\u00f3n,) el RFF se propone avanzar en un proceso de co-creaci\u00f3n que se enmarque en la iniciativa de Ciudades y Comunidades Amigables con las Personas Mayores (liderado por la OMS). Pondr\u00e1 foco en las localidades de Centenario, Carlos Reyles, Durazno y Paso de los Toros, e incluir\u00e1 la realizaci\u00f3n de intervenciones demostrativas en cada una de ellas como forma de volver tangible el perfil de ciudades amigables.<\/p>\n"}],"objetivos":[{"bullet_objetivos":"<p style=\"text-align: justify;\">Desarrollar e implementar dise\u00f1os urban\u00edsticos y soluciones tangibles que den respuestas a los desaf\u00edos que presentan los entornos f\u00edsicos y sociales seg\u00fan la percepci\u00f3n de las personas mayores de las localidades que participan en la estrategia de co-creaci\u00f3n de Ciudades y Comunidades Amigables con las Personas Mayores (Paso de los Toros, Pueblo Centenario, Carlos Reyles y Durazno).<\/p>\n<p style=\"text-align: justify;\">Concretamente se plantean los siguientes objetivos:<\/p>\n<ol>\n<li style=\"text-align: justify;\">Dise\u00f1o y ejecuci\u00f3n de intervenciones en Paso de los Toros, Centenario y Carlos Reyles.<\/li>\n<li style=\"text-align: justify;\">Estrategia de participaci\u00f3n con personas mayores para la co-creaci\u00f3n, dise\u00f1o y ejecuci\u00f3n de intervenci\u00f3n en la ciudad de Durazno.<\/li>\n<li style=\"text-align: justify;\">Ejecuci\u00f3n intervenci\u00f3n articulado con los gobiernos locales.<\/li>\n<\/ol>\n<p>&nbsp;<\/p>\n"},{"bullet_objetivos":"<p style=\"text-align: justify;\">Dise\u00f1ar, planificar e implementar un conjunto de acciones de car\u00e1cter urban\u00edstico que abarque tanto en la dimensi\u00f3n f\u00edsica como social (prototipos r\u00e1pidos, dise\u00f1o ergonom\u00e9trico adaptado a las personas mayores, ilustraciones, asesoramiento t\u00e9cnico en obra, coplanificaci\u00f3n de talleres, recursos y herramientas did\u00e1cticas, etc.) que den respuestas a los desaf\u00edos identificados en el trabajo previo seg\u00fan la percepci\u00f3n de las personas mayores. El desarrollo de las propuestas debe estar centrado en la persona, orientados a brindar una respuesta a la comunidad, involucrar en el proceso a la poblaci\u00f3n, viabilidad de implementaci\u00f3n en el corto plazo.<\/p>\n"},{"bullet_objetivos":"<p style=\"text-align: justify;\">En el marco del acuerdo se espera que la Fundaci\u00f3n Astur defina con PNUD, los desaf\u00edos y el alcance de estos, las bases de las propuestas, coordinando todas las acciones en conjunto y en articulaci\u00f3n con los gobiernos locales. Asimismo, para el caso de la ciudad de Durazno se planificar\u00e1 conjuntamente (Fundaci\u00f3n Astur, Intendencia de Durazno, INJU, INMAYORES y PNUD) un encuentro intergeneracional que tendr\u00e1 como objetivo la reflexi\u00f3n y co-creaci\u00f3n de los entornos urbanos en el marco de la iniciativa de Ciudades y Comunidades Amigables con las Personas Mayores, a la vez, que abordar\u00e1 temas como los estereotipos de la vejez y los derechos de las personas mayores, de tal forma de contribuir a la concientizaci\u00f3n, sensibilizaci\u00f3n y solidaridad intergeneracional.<\/p>\n"}],"duracion":"","actividades_desarrolladas":[{"bullet_actividades_desarrolladas":"<p><strong>Taller intergeneracional &#8211; 6 de julio de 2022<\/strong><\/p>\n<p><img loading=\"lazy\" decoding=\"async\" class=\"alignnone size-full wp-image-9470\" src=\"https:\/\/fundacionastur.org\/wp-content\/uploads\/2022\/06\/convocatoria.jpg\" alt=\"\" width=\"719\" height=\"725\" \/><\/p>\n<p style=\"text-align: justify;\">El objetivo del taller intergeneracional para pensar ciudades m\u00e1s inclusivas con las edades apunta a conocer las experiencias subjetivas de las personas mayores en tanto sujetos que viven, transitan y se relacionan en los entornos urbanos. En este sentido, nos permite indagar en la cotidianidad de sus vidas para identificar aquellos elementos que se transforman en barreras f\u00edsicas o sociales para el pleno desarrollo de sus actividades diarias. Asimismo, nos brinda la oportunidad de intercambiar, reflexionar y compartir las experiencias con generaciones m\u00e1s j\u00f3venes. El taller es un facilitador para el encuentro con otras generaciones, de tal forma, que la actividad en s\u00ed misma es una acci\u00f3n \u201camigable\u201d. Promueve la empat\u00eda, el respeto, la solidaridad, rompe los prejuicios y estereotipos, incentiva la inclusi\u00f3n y la cohesi\u00f3n social al reconocernos en un otro diferente.<\/p>\n<p style=\"text-align: justify;\">La actividad estuvo orientada a reflexionar sobre los estereotipos asociados a las diferentes edades y c\u00f3mo estos condicionan nuestros comportamientos y miradas, as\u00ed como promueven actitudes discriminatorias hacia cada grupo. Asimismo, se propuso un conjunto de consignas para realizar en grupos de trabajo \u201cmulti-age\u201d, lo cual incentiv\u00f3 el trabajo en equipo y el intercambio de experiencias, conocimientos y diferentes puntos de vista. Posteriormente, cada equipo trabaj\u00f3 sobre uno de los 8 ejes tem\u00e1ticos de la iniciativa de Ciudades y Comunidades Amigables con las Personas mayores (Espacios al aire libre y edificios; Transporte; Vivienda; Respeto e Inclusi\u00f3n; Participaci\u00f3n Social; Participaci\u00f3n Ciudadana y Empleo; Comunicaci\u00f3n e Informaci\u00f3n; Servicios Salud y Comunitarios) a trav\u00e9s de preguntas disparadoras tomadas del Protocolo de Vancouver. En esta oportunidad, las personas mayores son el centro de la din\u00e1mica, lo cual facilit\u00f3 conocer c\u00f3mo las caracter\u00edsticas del envejecer no est\u00e1n consideradas en el desarrollo urbano de nuestras ciudades.<\/p>\n<p style=\"text-align: justify;\">De esta forma, el enfoque intergeneracional, procur\u00f3 no reducirse a la interacci\u00f3n entre generaciones de ambos grupos de la poblaci\u00f3n, sino que se promueven como relaciones solidarias entre todas las generaciones y as\u00ed contribuir a eliminar todo tipo de discriminaci\u00f3n por motivos de edad. En este sentido, la solidaridad se encuentra por fuera del enfoque tradicional asistencialista y caritativo, sino que se asume como una responsabilidad social con una perspectiva de derechos al entender que la sociedad toda se encuentra implicada en proceso de envejecer.<\/p>\n<p style=\"text-align: justify;\">En la jornada, participaron colectivos de personas mayores de la ciudad de Durazno y j\u00f3venes estudiantes de la UTEC, nietos\/as e hijos\/as, siendo una instancia de car\u00e1cter colectivo y comunitario. Asimismo, estuvieron presentes autoridades de la Universidad Tecnol\u00f3gica, del gobierno local, referentes institucionales, del Programas de las Naciones Unidas para el Desarrollo y Fundaci\u00f3n Astur.<\/p>\n"}],"metodologia_bullets":false,"componentes_y_actividades_bullets":[{"bullet_componentes_y_actividades_bullets":"<p style=\"text-align: justify;\">La estrategia consta de diferentes etapas de trabajo en cada una las localidades:<\/p>\n"},{"bullet_componentes_y_actividades_bullets":"<p style=\"text-align: justify;\">Involucramiento y comprensi\u00f3n<\/p>\n<p style=\"text-align: justify;\">Permite la presentaci\u00f3n de la propuesta y el conocimiento del proyecto de Ciudades y Comunidades Amigables con las Personas Mayores. Promueve la comprensi\u00f3n y el involucramiento de actores referentes del gobierno local, instituciones vinculadas a las personas mayores y organizaciones de personas mayores. Prioriza la participaci\u00f3n de las personas mayores como actor central del proceso.<\/p>\n"},{"bullet_componentes_y_actividades_bullets":"<p style=\"text-align: justify;\">8 \u00e1reas de trabajo<\/p>\n<p style=\"text-align: justify;\">Instancia de trabajo grupal sobre los 8 ejes tem\u00e1ticos en funci\u00f3n de la gu\u00eda. Permite llegar al encuentro presencial con una reflexi\u00f3n y problematizaci\u00f3n previa. Pone el foco en las personas mayores y contribuye a la apropiaci\u00f3n desde los gobiernos locales.<\/p>\n"},{"bullet_componentes_y_actividades_bullets":"<p style=\"text-align: justify;\">Significaci\u00f3n del territorio<\/p>\n<p style=\"text-align: justify;\">Indaga en el trabajo previo buscando profundizar sobre los 8 ejes tem\u00e1ticos a trav\u00e9s de la significaci\u00f3n de sus experiencias cotidianas en el territorio. Refuerza aspectos conceptuales vinculados a esta mirada de los entornos y la importancia actual del desaf\u00edo de la urbanizaci\u00f3n y el envejecimiento poblacional. Permite identificar \u00e1reas de trabajo prioritarias y potenciales.<\/p>\n"},{"bullet_componentes_y_actividades_bullets":"<p style=\"text-align: justify;\">Sistematizaci\u00f3n<\/p>\n<p style=\"text-align: justify;\">A partir los encuentros se buscar\u00e1 identificar las principales barreras y oportunidades que presenta el territorio en t\u00e9rminos de amigabilidad. Asimismo, se delinean los desaf\u00edos de los entornos urbanos trabajados y posibles acci\u00f3n que surgen de las percepciones de las personas mayores.<\/p>\n"},{"bullet_componentes_y_actividades_bullets":"<p style=\"text-align: justify;\">Ejecuci\u00f3n de las intervenciones Selecci\u00f3n de intervenci\u00f3n a ejecutar teniendo en cuenta los siguientes criterios:<\/p>\n<ul style=\"list-style-type: circle;\">\n<li style=\"text-align: justify;\">Estar enfocadas en las personas: como forma de construir la comunidad a trav\u00e9s de la participaci\u00f3n ciudadana.<\/li>\n<li style=\"text-align: justify;\">Ser realizables a corto plazo (viabilidad).<\/li>\n<li style=\"text-align: justify;\">Involucrar a las vecinas y los vecinos.<\/li>\n<li style=\"text-align: justify;\">Que se puedan dise\u00f1ar\/preparar\/construir en conjunto.<\/li>\n<li style=\"text-align: justify;\">Abordar un problema de la comunidad (foco en el lugar).<\/li>\n<\/ul>\n<p>&nbsp;<\/p>\n"},{"bullet_componentes_y_actividades_bullets":"<p style=\"text-align: justify;\">Devoluci\u00f3n<\/p>\n<p style=\"text-align: justify;\">Esta instancia est\u00e1 pensada para hacer una devoluci\u00f3n a la comunidad que particip\u00f3 del proceso con el objetivo de valorizar sus aportes, mostrar el trabajo realizado y las l\u00edneas de acci\u00f3n o intervenciones a ejecutar. Asimismo, como establece el enfoque participativo, este encuentro contribuye a la apropiaci\u00f3n y empoderamiento de las propias comunidades y reafirma el rol de las personas mayores.<\/p>\n"}],"galeria_imagenes":["https:\/\/fundacionastur.org\/wp-content\/uploads\/2022\/06\/pnud.jpg","https:\/\/fundacionastur.org\/wp-content\/uploads\/2022\/06\/pnud-3.jpg","https:\/\/fundacionastur.org\/wp-content\/uploads\/2022\/06\/WhatsApp-Image-2022-06-21-at-12.53.49-PM.jpeg"],"estado_del_proyecto":"En Ejecuci\u00f3n","descripcion_foto":"","frase_proyecto":"Aportes para la recuperaci\u00f3n socioecon\u00f3mica del covid-19 utilizando un abordaje de portfolio para la regi\u00f3n centro en Uruguay","entidad_asociada":false,"socio":[{"nombre_socio_financiador":"PNUD","logo_socio":"https:\/\/fundacionastur.org\/wp-content\/uploads\/2022\/06\/Logo-pnud.png"},{"nombre_socio_financiador":"","logo_socio":false}]},"_links":{"self":[{"href":"https:\/\/fundacionastur.org\/en\/wp-json\/wp\/v2\/proyectos\/9417","targetHints":{"allow":["GET"]}}],"collection":[{"href":"https:\/\/fundacionastur.org\/en\/wp-json\/wp\/v2\/proyectos"}],"about":[{"href":"https:\/\/fundacionastur.org\/en\/wp-json\/wp\/v2\/types\/proyectos"}],"wp:featuredmedia":[{"embeddable":true,"href":"https:\/\/fundacionastur.org\/en\/wp-json\/wp\/v2\/media\/9422"}],"wp:attachment":[{"href":"https:\/\/fundacionastur.org\/en\/wp-json\/wp\/v2\/media?parent=9417"}],"wp:term":[{"taxonomy":"estado_proyecto","embeddable":true,"href":"https:\/\/fundacionastur.org\/en\/wp-json\/wp\/v2\/estado_proyecto?post=9417"}],"curies":[{"name":"wp","href":"https:\/\/api.w.org\/{rel}","templated":true}]}}