{"id":576,"date":"2021-09-27T14:37:53","date_gmt":"2021-09-27T17:37:53","guid":{"rendered":"http:\/\/fundacionastur.org\/?post_type=proyectos&#038;p=576"},"modified":"2023-07-25T11:11:55","modified_gmt":"2023-07-25T14:11:55","slug":"mejora-de-la-gestion-de-los-centros-de-dia-y-de-larga-estadia-para-personas-mayores","status":"publish","type":"proyectos","link":"https:\/\/fundacionastur.org\/en\/proyectos\/mejora-de-la-gestion-de-los-centros-de-dia-y-de-larga-estadia-para-personas-mayores\/","title":{"rendered":"IMPROVING THE MANAGEMENT OF DAY CENTERS AND LONG-STAY ESTABLISHMENTS FOR THE ELDERLY"},"featured_media":9738,"parent":0,"template":"","estado_proyecto":[66,59],"class_list":["post-576","proyectos","type-proyectos","status-publish","has-post-thumbnail","hentry","estado_proyecto-todos","estado_proyecto-en-ejecucion"],"acf":{"descripcion_foto":"Team of international consultants and from Colombia, Costa Rica and Uruguay","frase_proyecto":"Towards better aging and quality care","socio":[{"nombre_socio_financiador":"Banco Interamericano de Desarrollo","logo_socio":"https:\/\/fundacionastur.org\/wp-content\/uploads\/2021\/12\/bid.jpg"}],"entidad_asociada":[{"nombre_entidad_asociada":"Fundaci\u00f3n Matia"}],"resumen_de_resultados":"","testimonios_del_proyecto":false,"adjuntar_archivos_del_proyecto":[{"portada_del_archivo":"https:\/\/fundacionastur.org\/wp-content\/uploads\/2022\/06\/Convenio.png","subir_archivo":{"ID":584,"id":584,"title":"Convenio ATN OC 18458 RG","filename":"Convenio-ATN-OC-18458-RG-.pdf","filesize":2134165,"url":"https:\/\/fundacionastur.org\/wp-content\/uploads\/2021\/09\/Convenio-ATN-OC-18458-RG-.pdf","link":"https:\/\/fundacionastur.org\/en\/proyectos\/mejora-de-la-gestion-de-los-centros-de-dia-y-de-larga-estadia-para-personas-mayores\/convenio-atn-oc-18458-rg\/","alt":"","author":"3","description":"","caption":"DOCUMENTOS DE PROYECTO","name":"convenio-atn-oc-18458-rg","status":"inherit","uploaded_to":576,"date":"2021-09-28 13:58:14","modified":"2022-06-30 19:16:32","menu_order":0,"mime_type":"application\/pdf","type":"application","subtype":"pdf","icon":"https:\/\/fundacionastur.org\/wp-includes\/images\/media\/document.png"}},{"portada_del_archivo":"https:\/\/fundacionastur.org\/wp-content\/uploads\/2021\/09\/Normas-generales-1.png","subir_archivo":{"ID":585,"id":585,"title":"Convenio Parte II - Normas Generales - RG-T3774","filename":"Convenio-Parte-II-Normas-Generales-RG-T3774.pdf","filesize":153456,"url":"https:\/\/fundacionastur.org\/wp-content\/uploads\/2021\/09\/Convenio-Parte-II-Normas-Generales-RG-T3774.pdf","link":"https:\/\/fundacionastur.org\/en\/proyectos\/mejora-de-la-gestion-de-los-centros-de-dia-y-de-larga-estadia-para-personas-mayores\/convenio-parte-ii-normas-generales-rg-t3774\/","alt":"","author":"3","description":"","caption":"","name":"convenio-parte-ii-normas-generales-rg-t3774","status":"inherit","uploaded_to":576,"date":"2021-09-28 13:58:17","modified":"2021-09-28 13:58:17","menu_order":0,"mime_type":"application\/pdf","type":"application","subtype":"pdf","icon":"https:\/\/fundacionastur.org\/wp-includes\/images\/media\/document.png"}},{"portada_del_archivo":"https:\/\/fundacionastur.org\/wp-content\/uploads\/2022\/06\/Proyecto.png","subir_archivo":{"ID":586,"id":586,"title":"Convenio Parte III - Anexo U\u0301nico - RG-T3774","filename":"Convenio-Parte-III-Anexo-U\u0301nico-RG-T3774.pdf","filesize":89268,"url":"https:\/\/fundacionastur.org\/wp-content\/uploads\/2021\/09\/Convenio-Parte-III-Anexo-U\u0301nico-RG-T3774.pdf","link":"https:\/\/fundacionastur.org\/en\/proyectos\/mejora-de-la-gestion-de-los-centros-de-dia-y-de-larga-estadia-para-personas-mayores\/convenio-parte-iii-anexo-unico-rg-t3774\/","alt":"","author":"3","description":"","caption":"","name":"convenio-parte-iii-anexo-unico-rg-t3774","status":"inherit","uploaded_to":576,"date":"2021-09-28 13:58:18","modified":"2021-09-28 13:58:18","menu_order":0,"mime_type":"application\/pdf","type":"application","subtype":"pdf","icon":"https:\/\/fundacionastur.org\/wp-includes\/images\/media\/document.png"}}],"fundamentacion_o_contexto":[{"bullet_fundamentacion_o_contexto":"<p style=\"text-align: justify;\">El aumento en la expectativa de vida de las personas ha generado el denominado \u201cenvejecimiento poblacional\u201d en muchas regiones del planeta. Este envejecimiento es un fen\u00f3meno complejo que se desarrolla en diferentes contextos y que requiere mejorar las respuestas para su atenci\u00f3n. El contexto de pandemia puso de manifiesto tanto a nivel global, como, muy especialmente en nuestra regi\u00f3n, la situaci\u00f3n de precariedad en la que se prestan servicios de cuidados de personas mayores. La evidencia que se ha relevado sobre el cuidado de las personas mayores plantea la necesidad de estudiar las pol\u00edticas p\u00fablicas y las estrategias de acci\u00f3n del sector privado en este \u00e1mbito. Colombia y Costa Rica, al igual que Uruguay, alcanzar\u00e1n para el 2050 un 30% de personas mayores sobre su poblaci\u00f3n total. Esto presenta grandes desaf\u00edos para generar respuestas adecuadas a las emergencias y promover y proteger el efectivo goce de los derechos humanos de las personas mayores. Si bien los tres pa\u00edses han avanzado en t\u00e9rminos de reconocimiento de derechos, desarrollo de pol\u00edticas espec\u00edficas y planes de acci\u00f3n, a\u00fan presentan debilidades en relaci\u00f3n con la gesti\u00f3n y supervisi\u00f3n de los centros de cuidados. Sin embargo, m\u00e1s all\u00e1 de la calidad de dichas pol\u00edticas y de la eficiencia en su implementaci\u00f3n y monitoreo, los efectos de la pandemia implican no s\u00f3lo una revisi\u00f3n y replanteo de las pol\u00edticas, sino tambi\u00e9n del dise\u00f1o conceptual y de las pautas de implementaci\u00f3n de nuevos protocolos para el funcionamiento de este tipo de establecimientos en el escenario post-pandemia.<\/p>\n"}],"duracion":"24 months","objetivos":[{"bullet_objetivos":"<p style=\"text-align: justify;\">El Proyecto propone contribuir a mejorar la protecci\u00f3n de los derechos de las personas mayores con un alcance regional, a partir del despliegue de trabajo conjunto en Uruguay- -Cono Sur, Colombia-Regi\u00f3n Andina y Costa Rica-Centroam\u00e9rica, proveyendo a sus gobiernos de insumos t\u00e9cnicos que faciliten el redise\u00f1o de pol\u00edticas cr\u00edticas y protocolos de acci\u00f3n que actualmente se utilizan en la operaci\u00f3n de centros de cuidado diurnos y de larga estad\u00eda (p\u00fablicos y privados).<\/p>\n"}],"total_beneficiarios":"","personas_capacitadas":"","mayores_atendidos":"","publicaciones":"","resultados_texto":"","resultados":false,"a_quien_esta_dirigido":[{"bullet_a_quien_esta_dirigido":"<p style=\"text-align: justify;\">Continuando con su labor de promover la protecci\u00f3n de los derechos humanos de las personas mayores, en febrero de 2021 la Fundaci\u00f3n Astur firm\u00f3 un convenio con el Banco Interamericano de Desarrollo (BID) para la implementaci\u00f3n de un proyecto regional. El Proyecto busca producir insumos t\u00e9cnicos que de utilidad para gobiernos y otras organizaciones p\u00fablicas y privadas dedicadas al cuidado de las personas mayores en Colombia, Costa Rica y Uruguay.<\/p>\n"}],"actividades_desarrolladas":[{"bullet_actividades_desarrolladas":"<p style=\"text-align: justify;\"><strong>Encuentro de Alto Nivel: Situaci\u00f3n de los centros de larga estad\u00eda y Cuidado centrado en la persona<\/strong><\/p>\n<p style=\"text-align: justify;\">El martes 23 de noviembre de 2021 se desarroll\u00f3 el Primer Encuentro de Alto Nivel regional sobre la \u201cSituaci\u00f3n de los Centros de Larga Estad\u00eda\u201d y los \u201cCuidados centrados en la persona\u201d. La Fundaci\u00f3n Astur y el Banco Interamericano de Desarrollo (BID), organizaron este encuentro centrado en el tema de la mejora de la gesti\u00f3n de los centros de cuidados para personas mayores en Colombia, Costa Rica y Uruguay. El Encuentro cont\u00f3 con las presentaciones del contador Enrique Iglesias, presidente de la Fundaci\u00f3n Astur de Uruguay y la doctora Mayte Sancho, consultora de la Fundaci\u00f3n Matia de Euskadi.<\/p>\n<p style=\"text-align: justify;\">A continuaci\u00f3n se puede ver el video del encuentro:<\/p>\n<p><iframe loading=\"lazy\" title=\"Encuentro de Alto Nivel: Situaci\u00f3n de los centros de larga estad\u00eda y Cuidado centrado en la persona\" width=\"500\" height=\"281\" src=\"https:\/\/www.youtube.com\/embed\/9ECIoa-B3Bk?start=4&#038;feature=oembed\" frameborder=\"0\" allow=\"accelerometer; autoplay; clipboard-write; encrypted-media; gyroscope; picture-in-picture; web-share\" referrerpolicy=\"strict-origin-when-cross-origin\" allowfullscreen><\/iframe><\/p>\n"},{"bullet_actividades_desarrolladas":"<p><strong>Presentaci\u00f3n general de avances (febrero 2022)<\/strong><\/p>\n"},{"bullet_actividades_desarrolladas":"<p style=\"text-align: justify;\"><strong>Mesas Redondas: Capacitaci\u00f3n en cuidados de personas mayores<\/strong><\/p>\n<p style=\"text-align: justify;\">Una vez terminada la etapa de relevamiento bibliogr\u00e1fico de antecedentes y de entrevistas a diversos agentes vinculados a la tem\u00e1tica, se realizaron estas convocatorias con la finalidad de generar un espacio de intercambio t\u00e9cnico\/pol\u00edtico en funci\u00f3n de los hallazgos realizados. El objetivo estuvo centrado en el desarrollo de curr\u00edculos y estrategias de formaci\u00f3n para la capacitaci\u00f3n de cuidadores y otras funciones relevantes de los centros de cuidados de personas mayores en Costa Rica, Colombia y Uruguay.<\/p>\n<p style=\"text-align: justify;\">En este sentido, los objetivos de estos encuentro fueron: continuar la interlocuci\u00f3n y sensibilizaci\u00f3n de actores relevantes en los diferentes pa\u00edses, mantener un di\u00e1logo t\u00e9cnico y de proyecci\u00f3n pol\u00edtica sobre los principales t\u00f3picos y desaf\u00edo para la implementaci\u00f3n de curr\u00edculos de formaci\u00f3n en cuidados y recoger insumos \u00fatiles para la formulaci\u00f3n de los curr\u00edculums formativos a dise\u00f1ar.<\/p>\n<p style=\"text-align: justify;\">Estas convocatorias reunieron a personas con las que previamente se hab\u00eda tenido contacto con otros nuevos agentes cuya relevancia qued\u00f3 de manifiesto a partir de las primeras etapas del trabajo. Estas instancias fueron claves para aportar nuevos insumos para una formulaci\u00f3n de curr\u00edculos que equilibren los actuales paradigmas del cuidado, las necesidades y condiciones del sistema, con la idea generar una propuesta que sea tanto de calidad como viable en el marco de la interinstitucionalidad que una iniciativa de este estilo requiere.<\/p>\n<ul style=\"text-align: justify;\">\n<li>El mi\u00e9rcoles 6 de abril de 2022 se llev\u00f3 a cabo la Mesa Redonda &#8220;La formaci\u00f3n en cuidados de personas mayores en <strong>Colombia<\/strong>: actualidad, proyecciones y retos&#8221;. La actividad comenz\u00f3 con una bienvenida y presentaci\u00f3n de la metodolog\u00eda a cargo de Ana Mar\u00eda Tello, Coordinadora del Proyecto Astur-BID y luego se realiz\u00f3 la presentaci\u00f3n del documento resumen a cargo de Laura Cristina L\u00f3pez, consultora ASTUR-BID.<\/li>\n<\/ul>\n<p style=\"text-align: justify;\">De esta manera se dio pie a la secci\u00f3n de comentarios en la que participaron Olga Buitrago (Programa del Formaci\u00f3n del SENA en Bogot\u00e1), Javier Cabrera (presidente de la Asociaci\u00f3n Colombiana de Geriatr\u00eda y Gerontolog\u00eda), Robinson Cuadros (experto y l\u00edder de la Ruta sociosanitaria de personas mayores de la CAFAM), Elisa Ferrari (asesora de la Direcci\u00f3n de Desarrollo Social de la Direcci\u00f3n Nacional de Planeaci\u00f3n), Gerardo Medina (subdirector del Centro de Formaci\u00f3n de Talento Humano en Salud del SENA) y Lina Mar\u00eda Gonz\u00e1lez (l\u00edder de Salud y Bienestar de la Fundaci\u00f3n Sandarriaga Concha). Para finalizar se realiz\u00f3 un intercambio tipo grupo focal entre los comentaristas y la consultora del Proyecto.<\/p>\n<p>A continuaci\u00f3n se puede ver el video de la mesa redonda:<\/p>\n<p><iframe loading=\"lazy\" src=\"\/\/www.youtube.com\/embed\/7ZbU_yO1cZA\" width=\"560\" height=\"314\" allowfullscreen=\"allowfullscreen\"><\/iframe><\/p>\n<p>&nbsp;<\/p>\n<ul style=\"text-align: justify;\">\n<li>Una nueva mesa redonda se desarroll\u00f3 el jueves 7 de abril de 2022, en esta oportunidad correspond\u00eda a <strong>Uruguay<\/strong>. Nuevamente fue Ana Mar\u00eda Tello (Coordinadora del Proyecto Astur-BID) la encargada de dar la bienvenida y realizar la presentaci\u00f3n de la metodolog\u00eda. Por su parte, Alejandro L\u00f3pez (consultor del Proyecto ASTUR-BID) fue el encargado de realizar la presentaci\u00f3n del documento resumen.<\/li>\n<\/ul>\n<p style=\"text-align: justify;\">Para este pa\u00eds participaron Virginia Barrera (gerencia de capacitaci\u00f3n profesional de INEFOP), Mar\u00eda Carbajal (investigadora del CIEN de la UdelaR), Cristina de Le\u00f3n (referente de la Oficina de Instituciones Habilitadas de Formaci\u00f3n para el Sistema Nacional Integrado de Cuidados), Florencia Krall (directora de la Secretar\u00eda Nacional de Cuidados del MIDES), Eduardo M\u00e9ndez (director del Centro de capacitaci\u00f3n del BPS), Sabino Montenegro (presidente del Colectivo de ELEPEM) y Aldo Sgaravatti (vocal experto de la Sociedad Uruguaya de Gerontolog\u00eda).\u00a0Al igual que en la mesa redonda anterior, al finalizar se dio un intercambio entre los comentaristas y el consultor del Proyecto.<\/p>\n<p>Compartimos el video de la mesa redonda de Uruguay:<\/p>\n<p><iframe loading=\"lazy\" src=\"\/\/www.youtube.com\/embed\/P2OHORYUpp0\" width=\"560\" height=\"314\" allowfullscreen=\"allowfullscreen\"><\/iframe><\/p>\n<p>&nbsp;<\/p>\n<ul style=\"text-align: justify;\">\n<li>El mismo d\u00eda se realiz\u00f3 la mesa redonda centrada en <strong>Costa Rica<\/strong>, de igual manera que en las anteriores Ana Mar\u00eda Tello (Coordinadora del Proyecto Astur-BID) fue quien present\u00f3 y en esta oportunidad fue M\u00f3nica Leiva (consultora del Poryecto ASTUR-BID) quien se encarg\u00f3 de la presentaci\u00f3n del documento resumen.<\/li>\n<\/ul>\n<p style=\"text-align: justify;\">Para la secci\u00f3n de comentarios participaron Grettel Arias Alfaro (Gerente de Desarrollo Social de la Junta de Protecci\u00f3n Social), Francisco Delgado (Viceministro del Ministerio de Desarrollo Humano e Inclusi\u00f3n Social), Eduardo M\u00e9ndez (Administrador de la Asociaci\u00f3n \u201cEl Tejar\u201d), Cleydi Monge (Direcci\u00f3n de Servicios de Salud del Ministerio de Salud), Gabriela Salas (Representante de la Asociaci\u00f3n Gerontol\u00f3gica Costarricense), Kattia Sevilla (Coordinadora y Capacitadora de la organizaci\u00f3n \u201cOrientaci\u00f3n integral para la familia\u201d), Marianela V\u00edquez (Instituto Nacional de Aprendizaje).\u00a0Para cerrar se dio el intercambio entre los comentaristas y la consultora del Proyecto sobre las preguntas.<\/p>\n<p>A continuaci\u00f3n, se puede ver el video de la mesa redonda:<\/p>\n<p><iframe loading=\"lazy\" src=\"\/\/www.youtube.com\/embed\/BXZGO5vc5-E\" width=\"560\" height=\"314\" allowfullscreen=\"allowfullscreen\"><\/iframe><\/p>\n<p style=\"text-align: justify;\">\n"}],"galeria_imagenes":["https:\/\/fundacionastur.org\/wp-content\/uploads\/2021\/09\/Equipos-de-trabajo-1.png","https:\/\/fundacionastur.org\/wp-content\/uploads\/2021\/09\/Equipos-de-trabajo-5.png","https:\/\/fundacionastur.org\/wp-content\/uploads\/2022\/07\/Equipos-de-trabajo-4.png","https:\/\/fundacionastur.org\/wp-content\/uploads\/2021\/09\/4.png","https:\/\/fundacionastur.org\/wp-content\/uploads\/2023\/07\/Equipos-de-trabajo-BID-ASTUR.png","https:\/\/fundacionastur.org\/wp-content\/uploads\/2023\/07\/6.png","https:\/\/fundacionastur.org\/wp-content\/uploads\/2022\/08\/Equipos-de-trabajo-BID-ASTUR-1.png","https:\/\/fundacionastur.org\/wp-content\/uploads\/2021\/09\/WhatsApp-Image-2022-08-12-at-11.33.53-AM.jpeg","https:\/\/fundacionastur.org\/wp-content\/uploads\/2021\/09\/WhatsApp-Image-2022-08-12-at-11.31.34-AM.jpeg"],"metodologia_bullets":[{"bullet_metodologia_bullets":"<p>The main strategy of the Project is to promote the articulation of the experiences of international experts with that of national consultants from each country on the key issues of the Project.<\/p>\n"},{"bullet_metodologia_bullets":"<p>To do this, a team of international and other national expert consultants will be formed with representation from each country who will carry out survey and diagnosis functions, as well as articulation with the main local actors related to the subject.<\/p>\n"},{"bullet_metodologia_bullets":"<p>Interviews will be conducted with key actors and work will be done in spaces for discussion and exchange with institutional references from the countries in which the identified systems are implemented, led by the Project&#8217;s team of experts, as well as with the beneficiary countries.<\/p>\n"}],"componentes_y_actividades_bullets":[{"bullet_componentes_y_actividades_bullets":"<p>Component 1: Registration and monitoring of quality standards in long-stay centers. The objective of this component is to improve the management of long-stay centers (\u201cCLE\u201d) for the elderly by preparing guides that identify improvement opportunities for the management of CLEs, including: quality standards, certification and measurement, and for the development of a CLE registration and monitoring software.<\/p>\n"},{"bullet_componentes_y_actividades_bullets":"<p>Component 2: Care and management models, training and protocols. This second component aims to improve the quality of care for the elderly, as well as the conditions of caregivers based on the identification of models of care, the development of curricula and training strategies for caregivers in accordance with the models of attention and the profile of the beneficiaries and the development of recommendations for action protocols in emergency situations.<\/p>\n"},{"bullet_componentes_y_actividades_bullets":"<p>Activities:<\/p>\n"},{"bullet_componentes_y_actividades_bullets":"<p>Survey of the CLE registration and monitoring system for the elderly in each country, including: regulations, standards, records, financing, quality standards, emergency action plans.<\/p>\n"},{"bullet_componentes_y_actividades_bullets":"<p>Review of registration models and monitoring of long-stay centers with international quality standards.<\/p>\n"},{"bullet_componentes_y_actividades_bullets":"<p>Survey and compilation of good practices at the international level of quality standards for care centers for the elderly focused on: quality indicators, quality accreditation or certification processes and measurement tools.<\/p>\n"},{"bullet_componentes_y_actividades_bullets":"<p>Development of guidelines for a CLE registration and monitoring computer system that contains: design guidelines, actors involved and user roles, use cases and interaction flow diagrams, data model (entities, fields, data type), reports, metrics, alerts and analysis dimensions, web application (screens and usage scenarios).<\/p>\n"},{"bullet_componentes_y_actividades_bullets":"<p>Exchange meetings, forums, round tables and seminars for the awareness of actors and knowledge management.<\/p>\n"},{"bullet_componentes_y_actividades_bullets":"<p>A &#8220;webinar&#8221; seminar will be held to disseminate the results of the Project, jointly with the Bank, within the framework of the initiative of the Division of Social Protection and Health &#8220;Panorama of Aging and Dependency Care&#8221;.<\/p>\n"}],"estado_del_proyecto":"En Ejecuci\u00f3n"},"_links":{"self":[{"href":"https:\/\/fundacionastur.org\/en\/wp-json\/wp\/v2\/proyectos\/576","targetHints":{"allow":["GET"]}}],"collection":[{"href":"https:\/\/fundacionastur.org\/en\/wp-json\/wp\/v2\/proyectos"}],"about":[{"href":"https:\/\/fundacionastur.org\/en\/wp-json\/wp\/v2\/types\/proyectos"}],"wp:featuredmedia":[{"embeddable":true,"href":"https:\/\/fundacionastur.org\/en\/wp-json\/wp\/v2\/media\/9738"}],"wp:attachment":[{"href":"https:\/\/fundacionastur.org\/en\/wp-json\/wp\/v2\/media?parent=576"}],"wp:term":[{"taxonomy":"estado_proyecto","embeddable":true,"href":"https:\/\/fundacionastur.org\/en\/wp-json\/wp\/v2\/estado_proyecto?post=576"}],"curies":[{"name":"wp","href":"https:\/\/api.w.org\/{rel}","templated":true}]}}